{"id":25314,"date":"2025-09-15T13:45:58","date_gmt":"2025-09-15T17:45:58","guid":{"rendered":"https:\/\/staging.raic.symbiodev.xyz\/?post_type=showcase&#038;p=25314"},"modified":"2026-01-14T14:29:47","modified_gmt":"2026-01-14T19:29:47","slug":"projets-damenagements-municipaux-berczy-park","status":"publish","type":"showcase","link":"https:\/\/raic.org\/fr\/laureats-medailles\/projets-damenagements-municipaux-berczy-park\/","title":{"rendered":"Berczy Park"},"content":{"rendered":"\n<p>Toronto, ON<\/p>\n\n\n\n<p><strong>Firme responsable :&nbsp;<\/strong>Claude Cormier et Associ\u00e9s<br><strong>Ach\u00e8vement :<\/strong>&nbsp;juin 2017<\/p>\n\n\n\n<p>La revitalisation de ce parc embl\u00e9matique du centre-ville de Toronto a d\u00fb s\u2019adapter \u00e0 l\u2019\u00e9volution rapide des besoins de la communaut\u00e9, qui n\u2019avaient jamais \u00e9t\u00e9 pr\u00e9vus lors de la construction du parc Berczy il y a 40 ans. Il a fallu prendre en consid\u00e9ration les besoins de la prochaine g\u00e9n\u00e9ration en transformant le parc en trois espaces centr\u00e9s sur des programmes &#8211; un espace vert pour jouer, un jardin pour les chiens et un lieu de rassemblement. Une fontaine ludique au centre de la place unifie l\u2019exp\u00e9rience globale du parc. Cette fontaine, inspir\u00e9e par le ph\u00e9nom\u00e8ne et l\u2019histoire de la pr\u00e9sence des chiens au Parc Berczy devient ainsi un agent essentiel de triangulation \u00e0 l\u2019attrait universel.<\/p>\n\n\n\n<div class=\"wp-block-raic-blocks-raic-block-quote\">\n    <blockquote class=\"raic-block-quote\">\n                    <h3 class=\"raic-block-quote-heading\">COMMENTAIRE(S) DU JURY <\/h3>\n                \n        <p class=\"raic-block-quote-text\"><em>\u00ab Le v\u00e9ritable succ\u00e8s de ce design r\u00e9side dans la \u201ctriangulation\u201d de multiples groupes d\u2019utilisateurs, les conditions limitrophes et la reconnaissance des besoins des pi\u00e9tons. Bien que la fontaine canine soit le point central \u2013 ou l\u2019\u00e9l\u00e9ment cl\u00e9 \u2013 de nombreux gestes de design sous-jacents font que ce parc est bien plus que la somme de ses parties. \u00bb<\/em><br><br><em>\u00ab Un charmant parc public soigneusement con\u00e7u qui occupe un espace r\u00e9duit tout en parvenant \u00e0 am\u00e9liorer l\u2019interface avec le contexte urbain environnant, notamment par la cr\u00e9ation du Woonerf de la rue Scott, la r\u00e9vision du plan de circulation, l\u2019am\u00e9lioration du paysage de rue et le rapport visuel et esth\u00e9tique \u00e9tabli entre le sol du parc et la fa\u00e7ade architecturale qui l\u2019encadre. Le r\u00e9sultat est un lieu de vie urbain coh\u00e9rent dont la contribution va bien au-del\u00e0 de l\u2019attrait fantaisiste de sa fontaine centrale. \u00bb<\/em><\/p>\n        \n                    <cite class=\"raic-block-quote-byline\">\n                                    Membres du jury                             <\/cite>\n            <\/blockquote>\n<\/div>\n\n","protected":false},"featured_media":0,"template":"","meta":{"_acf_changed":false},"showcase-filter":[339],"class_list":["post-25314","showcase","type-showcase","status-publish","hentry","showcase-filter-projets-de-design-civique"],"acf":[],"_links":{"self":[{"href":"https:\/\/raic.org\/fr\/wp-json\/wp\/v2\/showcase\/25314","targetHints":{"allow":["GET"]}}],"collection":[{"href":"https:\/\/raic.org\/fr\/wp-json\/wp\/v2\/showcase"}],"about":[{"href":"https:\/\/raic.org\/fr\/wp-json\/wp\/v2\/types\/showcase"}],"wp:attachment":[{"href":"https:\/\/raic.org\/fr\/wp-json\/wp\/v2\/media?parent=25314"}],"wp:term":[{"taxonomy":"showcase-filter","embeddable":true,"href":"https:\/\/raic.org\/fr\/wp-json\/wp\/v2\/showcase-filter?post=25314"}],"curies":[{"name":"wp","href":"https:\/\/api.w.org\/{rel}","templated":true}]}}